{"id":135,"date":"2018-02-28T15:17:04","date_gmt":"2018-02-28T15:17:04","guid":{"rendered":"http:\/\/rocaplana.com\/?page_id=135\/"},"modified":"2018-04-04T07:37:44","modified_gmt":"2018-04-04T07:37:44","slug":"hotel-centre-ampolla","status":"publish","type":"page","link":"https:\/\/rocaplana.com\/ca\/hotel-centre-ampolla\/","title":{"rendered":"Hotel"},"content":{"rendered":"<h2>\n\t\t\t\tLa Roca Plana<br \/>\n\t\t\t<\/h2>\n<p>El teu hotel a L&#8217;Ampolla<\/p>\n<h1>Hotel La Roca Plana<\/h1>\n<p>Totes les comoditats per fer-te sentir com a casa<\/p>\n<p>El nostre hotel est\u00e0 situat a primera l\u00ednia de la mar, enfront del <b>port pesquer de L\u2019Ampolla<\/b>. A La Roca Plana volem convertir la teva estada en una experi\u00e8ncia \u00fanica i, per aconseguir-ho, disposem de 21 confortables habitacions amb totes les prestacions. <\/p>\n<p>Gaudeix de la millor<strong> gastronomia deltaica<\/strong> al nostre restaurant i aprofita la ubicaci\u00f3 per descobrir el nostre parad\u00eds natural. A m\u00e9s de l\u2019ampli ventall d\u2019opcions que ofereix el territori, nosaltres comptem amb dues <b>pistes de p\u00e0del<\/b> <b>a L\u2019Ampolla<\/b>, prop de l\u2019hotel, en les quals podr\u00e0s practicar aquest esport.<\/p>\n<p>T&#8217;esperem per crear-te un record inoblidable.\u00a0<\/p>\n<h2>Els nostres serveis<\/h2>\n<p>Tot el que el nostre hotel ofereix<\/p>\n<ul>\n<li>\n\t\tClimatitzaci\u00f3 a tot l&#8217;hotel<\/li>\n<li>\n\t\tTel\u00e8fon<\/li>\n<li>\n\t\tBanys privats i equipats<\/li>\n<li>\n\t\tTelevisi\u00f3<\/li>\n<li>\n\t\tRecepci\u00f3 24 h<\/li>\n<li>\n\t\tTerrassa &#8211; Restaurant &#8211; Pizzeria amb vistes excepcionals del port pesquer (situada a la planta baixa de l&#8217;hotel).<\/li>\n<\/ul>\n<h1>La nostra hist\u00f2ria<\/h1>\n<p>Obrim les nostres portes l&#8217;any 2000<\/p>\n<p>Amb entusiasme vam decidir obrir La Roca Plana, un hotel on cuidem al m\u00e0xim cada detall per satisfer les necessitats i garantir unes experi\u00e8ncies \u00faniques. Ens esforcem perqu\u00e8 el resultat sigui un record inoblidable en un dels destins m\u00e9s singulars de la costa mediterr\u00e0nia.<\/p>\n\t\t\t<section id=\"cd-timeline\" class=\"cd-container timeline-express\">\n\n\t\t\t\n<div class=\"cd-timeline-block juny 22 1998 announcement-no-image announcement-434\">\n\n\t\n\t\t<div class=\"cd-timeline-img cd-picture icon-no-readmore\" style=\"background:#816a5f;\">\n\n\t\t\t<!-- Custom Action Hook -->\n\t\t\t\n\t\t\t\t<!-- Standard Font Awesome Icon -->\n\t\t\t\t<span class=\"fa fa-circle\" title=\"Inauguraci\u00f3 de la gelateria La Roca Plana\"><\/span>\n\n\t\t\t\n\t\t<\/div> <!-- cd-timeline-img -->\n\n\t\n\t<!-- Timeline Content -->\n\t<div class=\"cd-timeline-content\">\n\n\t\t\n\t\t<!-- Announcement Title -->\n\t\t<div class=\"cd-timeline-title-container\">\n\n\t\t\t\n\t\t\t<h2 class=\"cd-timeline-item-title\">\n\t\t\t\tInauguraci\u00f3 de la gelateria La Roca Plana\t\t\t<\/h2>\n\n\t\t\t\t\t\t\t<p class=\"timeline-date\">\n\t\t\t\t\t22 juny, 1998\t\t\t\t<\/p>\n\t\t\t\t\t\t<\/div>\n\t\t<!-- End Announcement Title -->\n\n\t\t\n\t\t<!-- Announcement Excerpt -->\n\t\t<div class=\"the-excerpt\">\n\t\t\t<p>Aprofitant la bona ubicaci\u00f3 i les espectaculars vistes que es poden admirar, la gelateria La Roca Plana va ser la nostra primera il\u00b7lusi\u00f3, celebrant la seva inauguraci\u00f3 l&#8217;any 1998.<\/p>\n\t\t<\/div>\n\t\t<!-- End Announcement Excerpt -->\n\n\t\t\n\t<\/div>\n\t<!-- End Timeline Content -->\n\n<\/div>\n<!-- End Timeline Block -->\n\n<div class=\"cd-timeline-block juny 22 2000 announcement-no-image announcement-165\">\n\n\t\n\t\t<div class=\"cd-timeline-img cd-picture icon-no-readmore\" style=\"background:#816a5f;\">\n\n\t\t\t<!-- Custom Action Hook -->\n\t\t\t\n\t\t\t\t<!-- Standard Font Awesome Icon -->\n\t\t\t\t<span class=\"fa fa-circle\" title=\"Inauguraci\u00f3 de l&#8217;hotel La Roca Plana\"><\/span>\n\n\t\t\t\n\t\t<\/div> <!-- cd-timeline-img -->\n\n\t\n\t<!-- Timeline Content -->\n\t<div class=\"cd-timeline-content\">\n\n\t\t\n\t\t<!-- Announcement Title -->\n\t\t<div class=\"cd-timeline-title-container\">\n\n\t\t\t\n\t\t\t<h2 class=\"cd-timeline-item-title\">\n\t\t\t\tInauguraci\u00f3 de l&#8217;hotel La Roca Plana\t\t\t<\/h2>\n\n\t\t\t\t\t\t\t<p class=\"timeline-date\">\n\t\t\t\t\t22 juny, 2000\t\t\t\t<\/p>\n\t\t\t\t\t\t<\/div>\n\t\t<!-- End Announcement Title -->\n\n\t\t\n\t\t<!-- Announcement Excerpt -->\n\t\t<div class=\"the-excerpt\">\n\t\t\t<p>Comencem a escriure la hist\u00f2ria de l&#8217;hotel l&#8217;any 2000 amb l&#8217;objectiu d&#8217;obrir les nostres portes per oferir als nostres clients els millors serveis en un entorn \u00fanic.<\/p>\n\t\t<\/div>\n\t\t<!-- End Announcement Excerpt -->\n\n\t\t\n\t<\/div>\n\t<!-- End Timeline Content -->\n\n<\/div>\n<!-- End Timeline Block -->\n\n<div class=\"cd-timeline-block abril 04 2014 announcement-no-image announcement-164\">\n\n\t\n\t\t<div class=\"cd-timeline-img cd-picture icon-no-readmore\" style=\"background:#816a5f;\">\n\n\t\t\t<!-- Custom Action Hook -->\n\t\t\t\n\t\t\t\t<!-- Standard Font Awesome Icon -->\n\t\t\t\t<span class=\"fa fa-circle\" title=\"Restaurant La Roca Plana\"><\/span>\n\n\t\t\t\n\t\t<\/div> <!-- cd-timeline-img -->\n\n\t\n\t<!-- Timeline Content -->\n\t<div class=\"cd-timeline-content\">\n\n\t\t\n\t\t<!-- Announcement Title -->\n\t\t<div class=\"cd-timeline-title-container\">\n\n\t\t\t\n\t\t\t<h2 class=\"cd-timeline-item-title\">\n\t\t\t\tRestaurant La Roca Plana\t\t\t<\/h2>\n\n\t\t\t\t\t\t\t<p class=\"timeline-date\">\n\t\t\t\t\t4 abril, 2014\t\t\t\t<\/p>\n\t\t\t\t\t\t<\/div>\n\t\t<!-- End Announcement Title -->\n\n\t\t\n\t\t<!-- Announcement Excerpt -->\n\t\t<div class=\"the-excerpt\">\n\t\t\t<p>El restaurant La Roca Plana \u00e9s la continuaci\u00f3 de Pollastre, un dels primers restaurants a L&#8217;Ampolla gr\u00e0cies a l&#8217;esfor\u00e7 de M\u00aa Cinta i Pere. L&#8217;any 2014 i, coincidint amb l&#8217;aniversari de M\u00aa Cinta, vam transformar la gelateria en el restaurant de l&#8217;hotel.<\/p>\n\t\t<\/div>\n\t\t<!-- End Announcement Excerpt -->\n\n\t\t\n\t<\/div>\n\t<!-- End Timeline Content -->\n\n<\/div>\n<!-- End Timeline Block -->\n\n<div class=\"cd-timeline-block gener 20 2016 announcement-no-image announcement-154\">\n\n\t\n\t\t<div class=\"cd-timeline-img cd-picture icon-no-readmore\" style=\"background:#816a5f;\">\n\n\t\t\t<!-- Custom Action Hook -->\n\t\t\t\n\t\t\t\t<!-- Standard Font Awesome Icon -->\n\t\t\t\t<span class=\"fa fa-circle\" title=\"Remodelaci\u00f3 de l&#8217;hotel\"><\/span>\n\n\t\t\t\n\t\t<\/div> <!-- cd-timeline-img -->\n\n\t\n\t<!-- Timeline Content -->\n\t<div class=\"cd-timeline-content\">\n\n\t\t\n\t\t<!-- Announcement Title -->\n\t\t<div class=\"cd-timeline-title-container\">\n\n\t\t\t\n\t\t\t<h2 class=\"cd-timeline-item-title\">\n\t\t\t\tRemodelaci\u00f3 de l&#8217;hotel\t\t\t<\/h2>\n\n\t\t\t\t\t\t\t<p class=\"timeline-date\">\n\t\t\t\t\t20 gener, 2016\t\t\t\t<\/p>\n\t\t\t\t\t\t<\/div>\n\t\t<!-- End Announcement Title -->\n\n\t\t\n\t\t<!-- Announcement Excerpt -->\n\t\t<div class=\"the-excerpt\">\n\t\t\t<p>Amb la finalitat de renovar i modernitzar les instal\u00b7lacions, vam portar a terme la reestructuraci\u00f3 i reorganitzaci\u00f3 de l&#8217;hotel, garantint, d&#8217;aquesta manera, les millors prestacions.<\/p>\n\t\t<\/div>\n\t\t<!-- End Announcement Excerpt -->\n\n\t\t\n\t<\/div>\n\t<!-- End Timeline Content -->\n\n<\/div>\n<!-- End Timeline Block -->\n\n\t\t\t<\/section>\n\n\t\t\t<!-- Timeline Express Free v1.8.1 | Site: https:\/\/www.wp-timelineexpress.com | Author: CodeParrots - http:\/\/www.codeparrots.com -->\n<h1>Les Nostres Habitacions<\/h1>\n<p>Descobreix les nostres habitacions i les seves tarifes<\/p>\n<p>\t\t\t<a href=\"https:\/\/rocaplana.com\/ca\/habitacions-ampolla\/\" target=\"_self\"   role=\"button\"><br \/>\n\t\t\t\t\t\t\tVeure habitacions<br \/>\n\t\t<\/a><\/p>\n","protected":false},"excerpt":{"rendered":"<p>La Roca Plana El teu hotel a L&#8217;Ampolla Hotel La Roca Plana Totes les comoditats per fer-te sentir com a casa El nostre hotel est\u00e0 situat a primera l\u00ednia de la mar, enfront del port pesquer de L\u2019Ampolla. A La Roca Plana volem convertir la teva estada en una experi\u00e8ncia \u00fanica i, per aconseguir-ho, disposem de 21 confortables habitacions amb totes les prestacions. Gaudeix de la millor gastronomia deltaica al nostre restaurant i aprofita la ubicaci\u00f3 per descobrir el nostre parad\u00eds natural. A m\u00e9s de l\u2019ampli ventall d\u2019opcions que ofereix el territori, nosaltres comptem amb dues pistes de p\u00e0del a L\u2019Ampolla, prop de l\u2019hotel, en les quals podr\u00e0s practicar aquest esport. T&#8217;esperem per crear-te un record inoblidable.\u00a0 Els nostres serveis Tot el que el nostre hotel ofereix Climatitzaci\u00f3 a tot l&#8217;hotel Tel\u00e8fon Banys privats i equipats Televisi\u00f3 Recepci\u00f3<\/p>\n","protected":false},"author":1,"featured_media":0,"parent":0,"menu_order":0,"comment_status":"closed","ping_status":"closed","template":"","meta":{"_genesis_hide_title":false,"_genesis_hide_breadcrumbs":false,"_genesis_hide_singular_image":false,"_genesis_hide_footer_widgets":false,"_genesis_custom_body_class":"","_genesis_custom_post_class":"","_genesis_layout":"","footnotes":""},"class_list":{"0":"post-135","1":"page","2":"type-page","3":"status-publish","5":"entry"},"_links":{"self":[{"href":"https:\/\/rocaplana.com\/ca\/wp-json\/wp\/v2\/pages\/135","targetHints":{"allow":["GET"]}}],"collection":[{"href":"https:\/\/rocaplana.com\/ca\/wp-json\/wp\/v2\/pages"}],"about":[{"href":"https:\/\/rocaplana.com\/ca\/wp-json\/wp\/v2\/types\/page"}],"author":[{"embeddable":true,"href":"https:\/\/rocaplana.com\/ca\/wp-json\/wp\/v2\/users\/1"}],"replies":[{"embeddable":true,"href":"https:\/\/rocaplana.com\/ca\/wp-json\/wp\/v2\/comments?post=135"}],"version-history":[{"count":21,"href":"https:\/\/rocaplana.com\/ca\/wp-json\/wp\/v2\/pages\/135\/revisions"}],"predecessor-version":[{"id":585,"href":"https:\/\/rocaplana.com\/ca\/wp-json\/wp\/v2\/pages\/135\/revisions\/585"}],"wp:attachment":[{"href":"https:\/\/rocaplana.com\/ca\/wp-json\/wp\/v2\/media?parent=135"}],"curies":[{"name":"wp","href":"https:\/\/api.w.org\/{rel}","templated":true}]}}